{"id":5572,"date":"2024-03-09T14:58:19","date_gmt":"2024-03-09T13:58:19","guid":{"rendered":"https:\/\/camping-la-ferme.com\/?page_id=5572"},"modified":"2024-03-09T15:02:14","modified_gmt":"2024-03-09T14:02:14","slug":"motorruimte","status":"publish","type":"page","link":"https:\/\/camping-la-ferme.com\/nl\/emplacement-motard\/","title":{"rendered":"Motorruimte"},"content":{"rendered":"\t\t<div data-elementor-type=\"wp-page\" data-elementor-id=\"5572\" class=\"elementor elementor-5572\" data-elementor-post-type=\"page\">\n\t\t\t\t<div class=\"elementor-element elementor-element-8133eb4 e-flex e-con-boxed e-con e-parent\" data-id=\"8133eb4\" data-element_type=\"container\" data-e-type=\"container\" data-settings=\"{&quot;background_background&quot;:&quot;classic&quot;}\">\n\t\t\t\t\t<div class=\"e-con-inner\">\n\t\t<div class=\"elementor-element elementor-element-f6dd260 e-flex e-con-boxed e-con e-child\" data-id=\"f6dd260\" data-element_type=\"container\" data-e-type=\"container\">\n\t\t\t\t\t<div class=\"e-con-inner\">\n\t\t\t\t<div class=\"elementor-element elementor-element-eb4dfcb elementor-invisible elementor-widget elementor-widget-heading\" data-id=\"eb4dfcb\" data-element_type=\"widget\" data-e-type=\"widget\" data-settings=\"{&quot;_animation&quot;:&quot;fadeIn&quot;}\" data-widget_type=\"heading.default\">\n\t\t\t\t<div class=\"elementor-widget-container\">\n\t\t\t\t\t<h2 class=\"elementor-heading-title elementor-size-default\">Emplacement motard<\/h2>\t\t\t\t<\/div>\n\t\t\t\t<\/div>\n\t\t\t\t<div class=\"elementor-element elementor-element-f1e0366 elementor-widget-divider--view-line elementor-widget elementor-widget-divider\" data-id=\"f1e0366\" data-element_type=\"widget\" data-e-type=\"widget\" data-widget_type=\"divider.default\">\n\t\t\t\t<div class=\"elementor-widget-container\">\n\t\t\t\t\t\t\t<div class=\"elementor-divider\">\n\t\t\t<span class=\"elementor-divider-separator\">\n\t\t\t\t\t\t<\/span>\n\t\t<\/div>\n\t\t\t\t\t\t<\/div>\n\t\t\t\t<\/div>\n\t\t\t\t<div class=\"elementor-element elementor-element-b0ca94b elementor-widget__width-initial elementor-widget-mobile__width-inherit elementor-invisible elementor-widget elementor-widget-text-editor\" data-id=\"b0ca94b\" data-element_type=\"widget\" data-e-type=\"widget\" data-settings=\"{&quot;_animation&quot;:&quot;fadeIn&quot;,&quot;_animation_delay&quot;:&quot;200&quot;}\" data-widget_type=\"text-editor.default\">\n\t\t\t\t<div class=\"elementor-widget-container\">\n\t\t\t\t\t\t\t\t\t<p>Profitez de la nature dans un environnement convivial.<\/p>\t\t\t\t\t\t\t\t<\/div>\n\t\t\t\t<\/div>\n\t\t\t\t\t<\/div>\n\t\t\t\t<\/div>\n\t\t\t\t\t<\/div>\n\t\t\t\t<\/div>\n\t\t<div class=\"elementor-element elementor-element-8aea385 e-flex e-con-boxed e-con e-parent\" data-id=\"8aea385\" data-element_type=\"container\" data-e-type=\"container\">\n\t\t\t\t\t<div class=\"e-con-inner\">\n\t\t<div class=\"elementor-element elementor-element-1ae54892 e-con-full e-flex e-con e-child\" data-id=\"1ae54892\" data-element_type=\"container\" data-e-type=\"container\">\n\t\t\t\t<div class=\"elementor-element elementor-element-f9ef2c elementor-widget__width-initial elementor-widget-mobile__width-inherit elementor-invisible elementor-widget elementor-widget-heading\" data-id=\"f9ef2c\" data-element_type=\"widget\" data-e-type=\"widget\" data-settings=\"{&quot;_animation&quot;:&quot;fadeIn&quot;}\" data-widget_type=\"heading.default\">\n\t\t\t\t<div class=\"elementor-widget-container\">\n\t\t\t\t\t<h2 class=\"elementor-heading-title elementor-size-default\">Emplacement<br> 1 moto  + 1 tente<\/h2>\t\t\t\t<\/div>\n\t\t\t\t<\/div>\n\t\t\t\t<div class=\"elementor-element elementor-element-aa2d83d elementor-widget elementor-widget-spacer\" data-id=\"aa2d83d\" data-element_type=\"widget\" data-e-type=\"widget\" data-widget_type=\"spacer.default\">\n\t\t\t\t<div class=\"elementor-widget-container\">\n\t\t\t\t\t\t\t<div class=\"elementor-spacer\">\n\t\t\t<div class=\"elementor-spacer-inner\"><\/div>\n\t\t<\/div>\n\t\t\t\t\t\t<\/div>\n\t\t\t\t<\/div>\n\t\t\t\t<div class=\"elementor-element elementor-element-e0fbf7f elementor-widget elementor-widget-text-editor\" data-id=\"e0fbf7f\" data-element_type=\"widget\" data-e-type=\"widget\" data-widget_type=\"text-editor.default\">\n\t\t\t\t<div class=\"elementor-widget-container\">\n\t\t\t\t\t\t\t\t\t<div class=\"flex-1 overflow-hidden\"><div class=\"react-scroll-to-bottom--css-ksujx-79elbk h-full\"><div class=\"react-scroll-to-bottom--css-ksujx-1n7m0yu\"><div class=\"flex flex-col pb-9 text-sm\"><div class=\"w-full text-token-text-primary\" data-testid=\"conversation-turn-29\"><div class=\"px-4 py-2 justify-center text-base md:gap-6 m-auto\"><div class=\"flex flex-1 text-base mx-auto gap-3 md:px-5 lg:px-1 xl:px-5 md:max-w-3xl lg:max-w-[40rem] xl:max-w-[48rem] group final-completion\"><div class=\"relative flex w-full flex-col lg:w-[calc(100%-115px)] agent-turn\"><div class=\"flex-col gap-1 md:gap-3\"><div class=\"flex flex-grow flex-col max-w-full\"><div class=\"min-h-[20px] text-message flex flex-col items-start gap-3 whitespace-pre-wrap break-words [.text-message+&amp;]:mt-5 overflow-x-auto\" data-message-author-role=\"assistant\" data-message-id=\"18968c15-f0b5-4e3a-be90-02ff2b5c7a1f\"><div class=\"markdown prose w-full break-words dark:prose-invert light\"><p>Voici les d\u00e9tails de nos emplacements :<\/p><ul><li><p><strong>Espace de Camping :<\/strong><\/p><ul><li>Connexion \u00e0 la nature avec un cadre paisible et verdoyant.<\/li><\/ul><\/li><li><p><strong>\u00c9lectricit\u00e9 en Option :<\/strong><\/p><ul><li>L&rsquo;\u00e9lectricit\u00e9 peut \u00eatre fournie moyennant des frais suppl\u00e9mentaires.<\/li><li>Une option pratique pour ceux qui souhaitent disposer d&rsquo;une source d&rsquo;\u00e9nergie sur leur emplacement.<\/li><\/ul><\/li><li><p><strong>Sanitaires Communs :<\/strong><\/p><ul><li>Des installations sanitaires communes \u00e0 disposition.<\/li><li>Des espaces propres et bien entretenus pour assurer votre confort.<\/li><\/ul><\/li><li><p><strong>Sous la Pergola :<\/strong><\/p><ul><li>Un four \u00e0 micro-ondes est mis \u00e0 disposition gratuitement sous la pergola.<\/li><li>Profitez de cet \u00e9quipement pratique pour r\u00e9chauffer vos repas ou pr\u00e9parer des collations.<\/li><\/ul><\/li><\/ul><p>Optez pour nos emplacements de camping simples pour une exp\u00e9rience authentique en pleine nature, avec des services pratiques \u00e0 votre disposition.<\/p><\/div><\/div><\/div><\/div><\/div><\/div><\/div><\/div><\/div><\/div><\/div><\/div>\t\t\t\t\t\t\t\t<\/div>\n\t\t\t\t<\/div>\n\t\t\t\t<div class=\"elementor-element elementor-element-f670747 elementor-align-right elementor-widget elementor-widget-button\" data-id=\"f670747\" data-element_type=\"widget\" data-e-type=\"widget\" data-widget_type=\"button.default\">\n\t\t\t\t<div class=\"elementor-widget-container\">\n\t\t\t\t\t\t\t\t\t<div class=\"elementor-button-wrapper\">\n\t\t\t\t\t<a class=\"elementor-button elementor-button-link elementor-size-sm\" href=\"https:\/\/camping-la-ferme.com\/nl\/booking\/\">\n\t\t\t\t\t\t<span class=\"elementor-button-content-wrapper\">\n\t\t\t\t\t\t\t\t\t<span class=\"elementor-button-text\">R\u00e9servez<\/span>\n\t\t\t\t\t<\/span>\n\t\t\t\t\t<\/a>\n\t\t\t\t<\/div>\n\t\t\t\t\t\t\t\t<\/div>\n\t\t\t\t<\/div>\n\t\t\t\t<\/div>\n\t\t<div class=\"elementor-element elementor-element-3a68dab9 e-con-full e-flex elementor-invisible e-con e-child\" data-id=\"3a68dab9\" data-element_type=\"container\" data-e-type=\"container\" data-settings=\"{&quot;animation&quot;:&quot;fadeIn&quot;}\">\n\t\t\t\t<div class=\"elementor-element elementor-element-5c1752aa elementor-widget elementor-widget-image\" data-id=\"5c1752aa\" data-element_type=\"widget\" data-e-type=\"widget\" data-widget_type=\"image.default\">\n\t\t\t\t<div class=\"elementor-widget-container\">\n\t\t\t\t\t\t\t\t\t\t\t\t\t\t\t<img fetchpriority=\"high\" decoding=\"async\" width=\"914\" height=\"485\" src=\"https:\/\/camping-la-ferme.com\/wp-content\/uploads\/2024\/02\/emplacement2-fotor.jpg\" class=\"attachment-full size-full wp-image-2957\" alt=\"Emplacement2 fotor - Emplacement motard\" srcset=\"https:\/\/camping-la-ferme.com\/wp-content\/uploads\/2024\/02\/emplacement2-fotor.jpg 914w, https:\/\/camping-la-ferme.com\/wp-content\/uploads\/2024\/02\/emplacement2-fotor-300x159.jpg 300w, https:\/\/camping-la-ferme.com\/wp-content\/uploads\/2024\/02\/emplacement2-fotor-768x408.jpg 768w\" sizes=\"(max-width: 914px) 100vw, 914px\" \/>\t\t\t\t\t\t\t\t\t\t\t\t\t\t\t<\/div>\n\t\t\t\t<\/div>\n\t\t\t\t<\/div>\n\t\t\t\t\t<\/div>\n\t\t\t\t<\/div>\n\t\t<div class=\"elementor-element elementor-element-5d290c5e e-flex e-con-boxed e-con e-parent\" data-id=\"5d290c5e\" data-element_type=\"container\" data-e-type=\"container\">\n\t\t\t\t\t<div class=\"e-con-inner\">\n\t\t\t\t<div class=\"elementor-element elementor-element-4d2c422a elementor-invisible elementor-widget elementor-widget-jkit_testimonials\" data-id=\"4d2c422a\" data-element_type=\"widget\" data-e-type=\"widget\" data-settings=\"{&quot;_animation&quot;:&quot;fadeIn&quot;,&quot;_animation_delay&quot;:&quot;200&quot;}\" data-widget_type=\"jkit_testimonials.default\">\n\t\t\t\t<div class=\"elementor-widget-container\">\n\t\t\t\t\t<div  class=\"jeg-elementor-kit jkit-testimonials arrow-middle-edge style-1  jeg_module___69f50933a6fd5\"  data-id=\"jeg_module___69f50933a6fd5\" data-settings=\"{&quot;autoplay&quot;:true,&quot;autoplay_speed&quot;:5000,&quot;autoplay_hover_pause&quot;:false,&quot;show_navigation&quot;:true,&quot;navigation_left&quot;:&quot;&lt;span&gt;&lt;svg aria-hidden=\\&quot;true\\&quot; class=\\&quot;e-font-icon-svg e-fas-caret-left\\&quot; viewBox=\\&quot;0 0 192 512\\&quot; xmlns=\\&quot;http:\\\/\\\/www.w3.org\\\/2000\\\/svg\\&quot;&gt;&lt;path d=\\&quot;M192 127.338v257.324c0 17.818-21.543 26.741-34.142 14.142L29.196 270.142c-7.81-7.81-7.81-20.474 0-28.284l128.662-128.662c12.599-12.6 34.142-3.676 34.142 14.142z\\&quot;&gt;&lt;\\\/path&gt;&lt;\\\/svg&gt;&lt;\\\/span&gt;&quot;,&quot;navigation_right&quot;:&quot;&lt;span&gt;&lt;svg aria-hidden=\\&quot;true\\&quot; class=\\&quot;e-font-icon-svg e-fas-caret-right\\&quot; viewBox=\\&quot;0 0 192 512\\&quot; xmlns=\\&quot;http:\\\/\\\/www.w3.org\\\/2000\\\/svg\\&quot;&gt;&lt;path d=\\&quot;M0 384.662V127.338c0-17.818 21.543-26.741 34.142-14.142l128.662 128.662c7.81 7.81 7.81 20.474 0 28.284L34.142 398.804C21.543 411.404 0 402.48 0 384.662z\\&quot;&gt;&lt;\\\/path&gt;&lt;\\\/svg&gt;&lt;\\\/span&gt;&quot;,&quot;show_dots&quot;:true,&quot;arrow_position&quot;:&quot;bottom&quot;,&quot;responsive&quot;:{&quot;desktop&quot;:{&quot;items&quot;:2,&quot;margin&quot;:39,&quot;breakpoint&quot;:1367},&quot;laptop&quot;:{&quot;items&quot;:2,&quot;margin&quot;:39,&quot;breakpoint&quot;:1201},&quot;tablet_extra&quot;:{&quot;items&quot;:2,&quot;margin&quot;:39,&quot;breakpoint&quot;:1025},&quot;tablet&quot;:{&quot;items&quot;:&quot;3&quot;,&quot;margin&quot;:39,&quot;breakpoint&quot;:881},&quot;mobile_extra&quot;:{&quot;items&quot;:&quot;3&quot;,&quot;margin&quot;:39,&quot;breakpoint&quot;:768},&quot;mobile&quot;:{&quot;items&quot;:1,&quot;margin&quot;:10,&quot;breakpoint&quot;:0}}}\"><div class=\"testimonials-list\">\n            <div class=\"testimonials-track\"><div class=\"testimonial-item  elementor-repeater-item-613f0b2\">\n                <div class=\"testimonial-box\" >\n                    <div class=\"testimonial-slider hover-from-left\">\n                        <div class=\"comment-bio\">\n                <div class=\"profile-image\"><\/div>\n                <ul class=\"rating-stars\"><\/ul>\n                <span class=\"profile-info\">\n                    <strong class=\"profile-name\"><\/strong>\n                    <p class=\"profile-des\"><\/p>\n                <\/span>\n            <\/div><div class=\"comment-content\"><div class=\"icon-content\"><\/div><p><\/p><\/div>\n                    <\/div>\n                <\/div>\n            <\/div><div class=\"testimonial-item  elementor-repeater-item-9e1469d\">\n                <div class=\"testimonial-box\" >\n                    <div class=\"testimonial-slider hover-from-left\">\n                        <div class=\"comment-bio\">\n                <div class=\"profile-image\"><\/div>\n                <ul class=\"rating-stars\"><\/ul>\n                <span class=\"profile-info\">\n                    <strong class=\"profile-name\"><\/strong>\n                    <p class=\"profile-des\"><\/p>\n                <\/span>\n            <\/div><div class=\"comment-content\"><div class=\"icon-content\"><\/div><p><\/p><\/div>\n                    <\/div>\n                <\/div>\n            <\/div><\/div>\n        <\/div><\/div>\t\t\t\t<\/div>\n\t\t\t\t<\/div>\n\t\t\t\t\t<\/div>\n\t\t\t\t<\/div>\n\t\t\t\t<\/div>\n\t\t","protected":false},"excerpt":{"rendered":"<p>Emplacement motard Profitez de la nature dans un environnement convivial. Emplacement 1 moto + 1 tente Voici les d\u00e9tails de nos emplacements : Espace de Camping : Connexion \u00e0 la nature avec un cadre paisible et verdoyant. \u00c9lectricit\u00e9 en Option : L&rsquo;\u00e9lectricit\u00e9 peut \u00eatre fournie moyennant des frais suppl\u00e9mentaires. Une option pratique pour ceux qui [&hellip;]<\/p>\n","protected":false},"author":1,"featured_media":0,"parent":0,"menu_order":8,"comment_status":"closed","ping_status":"closed","template":"elementor_header_footer","meta":{"footnotes":""},"class_list":["post-5572","page","type-page","status-publish","hentry"],"_links":{"self":[{"href":"https:\/\/camping-la-ferme.com\/nl\/wp-json\/wp\/v2\/pages\/5572","targetHints":{"allow":["GET"]}}],"collection":[{"href":"https:\/\/camping-la-ferme.com\/nl\/wp-json\/wp\/v2\/pages"}],"about":[{"href":"https:\/\/camping-la-ferme.com\/nl\/wp-json\/wp\/v2\/types\/page"}],"author":[{"embeddable":true,"href":"https:\/\/camping-la-ferme.com\/nl\/wp-json\/wp\/v2\/users\/1"}],"replies":[{"embeddable":true,"href":"https:\/\/camping-la-ferme.com\/nl\/wp-json\/wp\/v2\/comments?post=5572"}],"version-history":[{"count":4,"href":"https:\/\/camping-la-ferme.com\/nl\/wp-json\/wp\/v2\/pages\/5572\/revisions"}],"predecessor-version":[{"id":5576,"href":"https:\/\/camping-la-ferme.com\/nl\/wp-json\/wp\/v2\/pages\/5572\/revisions\/5576"}],"wp:attachment":[{"href":"https:\/\/camping-la-ferme.com\/nl\/wp-json\/wp\/v2\/media?parent=5572"}],"curies":[{"name":"wp","href":"https:\/\/api.w.org\/{rel}","templated":true}]}}